{"id":6664,"date":"2025-04-03T12:28:37","date_gmt":"2025-04-03T12:28:37","guid":{"rendered":"https:\/\/www.implalab.pl\/?page_id=6664"},"modified":"2026-03-17T10:40:44","modified_gmt":"2026-03-17T10:40:44","slug":"dobor-koloru-2","status":"publish","type":"page","link":"https:\/\/www.implalab.pl\/?page_id=6664","title":{"rendered":"Dob\u00f3r Koloru"},"content":{"rendered":"\t\t<div data-elementor-type=\"wp-page\" data-elementor-id=\"6664\" class=\"elementor elementor-6664\">\n\t\t\t\t<div class=\"elementor-element elementor-element-64759a3 e-flex e-con-boxed e-con e-parent\" data-id=\"64759a3\" data-element_type=\"container\" data-e-type=\"container\" data-settings=\"{&quot;background_background&quot;:&quot;classic&quot;}\">\n\t\t\t\t\t<div class=\"e-con-inner\">\n\t\t<div class=\"elementor-element elementor-element-217afe2 e-con-full e-flex e-con e-child\" data-id=\"217afe2\" data-element_type=\"container\" data-e-type=\"container\">\n\t\t\t\t<div class=\"elementor-element elementor-element-0419b7e elementor-widget elementor-widget-spacer\" data-id=\"0419b7e\" data-element_type=\"widget\" data-e-type=\"widget\" data-widget_type=\"spacer.default\">\n\t\t\t\t<div class=\"elementor-widget-container\">\n\t\t\t\t\t\t\t<div class=\"elementor-spacer\">\n\t\t\t<div class=\"elementor-spacer-inner\"><\/div>\n\t\t<\/div>\n\t\t\t\t\t\t<\/div>\n\t\t\t\t<\/div>\n\t\t\t\t<\/div>\n\t\t<div class=\"elementor-element elementor-element-126cd45 e-con-full e-flex e-con e-child\" data-id=\"126cd45\" data-element_type=\"container\" data-e-type=\"container\">\n\t\t\t\t<\/div>\n\t\t<div class=\"elementor-element elementor-element-2e916c4 e-con-full e-flex e-con e-child\" data-id=\"2e916c4\" data-element_type=\"container\" data-e-type=\"container\">\n\t\t\t\t<\/div>\n\t\t<div class=\"elementor-element elementor-element-43a6b99 e-con-full e-flex e-con e-child\" data-id=\"43a6b99\" data-element_type=\"container\" data-e-type=\"container\">\n\t\t\t\t<div class=\"elementor-element elementor-element-446e702 elementor-widget elementor-widget-spacer\" data-id=\"446e702\" data-element_type=\"widget\" data-e-type=\"widget\" data-widget_type=\"spacer.default\">\n\t\t\t\t<div class=\"elementor-widget-container\">\n\t\t\t\t\t\t\t<div class=\"elementor-spacer\">\n\t\t\t<div class=\"elementor-spacer-inner\"><\/div>\n\t\t<\/div>\n\t\t\t\t\t\t<\/div>\n\t\t\t\t<\/div>\n\t\t\t\t<div class=\"elementor-element elementor-element-e1483b7 elementor-widget elementor-widget-text-editor\" data-id=\"e1483b7\" data-element_type=\"widget\" data-e-type=\"widget\" data-widget_type=\"text-editor.default\">\n\t\t\t\t<div class=\"elementor-widget-container\">\n\t\t\t\t\t\t\t\t\t<p><span style=\"font-family: gt-planar-medium; font-size: 36px; color: #000000;\">DOB\u00d3R KOLORU<\/span><\/p>\t\t\t\t\t\t\t\t<\/div>\n\t\t\t\t<\/div>\n\t\t\t\t<\/div>\n\t\t\t\t\t<\/div>\n\t\t\t\t<\/div>\n\t\t<div class=\"elementor-element elementor-element-ddb8e6e e-flex e-con-boxed e-con e-parent\" data-id=\"ddb8e6e\" data-element_type=\"container\" data-e-type=\"container\">\n\t\t\t\t\t<div class=\"e-con-inner\">\n\t\t\t\t<div class=\"elementor-element elementor-element-6c01404 elementor-widget__width-initial elementor-widget elementor-widget-text-editor\" data-id=\"6c01404\" data-element_type=\"widget\" data-e-type=\"widget\" data-widget_type=\"text-editor.default\">\n\t\t\t\t<div class=\"elementor-widget-container\">\n\t\t\t\t\t\t\t\t\t<p style=\"text-align: left;\"><span style=\"font-family: gt-planar-light;\">Precyzyjny dob\u00f3r koloru to kluczowy etap w procesie wykonywania estetycznych prac protetycznych.<\/span><br data-start=\"452\" data-end=\"455\" \/><span style=\"font-family: gt-planar-light;\">Dok\u0142adna analiza odcienia, nasycenia i przezierno\u015bci pozwala uzyska\u0107 naturalny efekt, idealnie dopasowany do s\u0105siaduj\u0105cych z\u0119b\u00f3w i indywidualnych cech pacjenta.<\/span><\/p><p>\u00a0<\/p><p>\u00a0<\/p><p style=\"text-align: left;\" data-start=\"619\" data-end=\"669\"><strong><span style=\"font-family: gt-planar-regular; font-size: 18px;\">Etapy i zasady prawid\u0142owego doboru koloru<br \/><br \/><\/span><\/strong><\/p><ol style=\"text-align: left;\" data-start=\"671\" data-end=\"2441\"><li data-start=\"671\" data-end=\"859\"><strong><span style=\"font-family: gt-planar-light;\">Dob\u00f3r koloru przed opracowaniem z\u0119b\u00f3w<br \/><br \/><\/span><\/strong><span style=\"font-family: gt-planar-light;\"><span style=\"font-family: gt-planar-light;\"><span style=\"font-family: gt-planar-light;\">Kolor zawsze dobieramy przed szlifowaniem, poniewa\u017c przesuszone z\u0119by staj\u0105 si\u0119 ja\u015bniejsze i zanikaj\u0105 naturalne warstwy szkliwne.<br \/><br \/><br \/><\/span><\/span><\/span><\/li><li data-start=\"861\" data-end=\"1197\"><strong><span style=\"font-family: gt-planar-light;\">O\u015bwietlenie i warunki wizualne<br \/><\/span><\/strong><br \/><ul data-start=\"904\" data-end=\"1197\"><li data-start=\"904\" data-end=\"967\"><span style=\"font-family: gt-planar-light;\">Kolor oceniamy przy wy\u0142\u0105czonej lampie stomatologicznej.<\/span><\/li><li data-start=\"971\" data-end=\"1068\"><span style=\"font-family: gt-planar-light;\">Najlepiej, je\u015bli to mo\u017cliwe, przeprowadzi\u0107 dob\u00f3r w \u015bwietle dziennym, przy neutralnym tle.<\/span><\/li><li data-start=\"1072\" data-end=\"1197\"><span style=\"font-family: gt-planar-light;\"><span style=\"font-family: gt-planar-light;\"><span style=\"font-family: gt-planar-light;\">Nale\u017cy unika\u0107 pomadek, makija\u017cu i odzie\u017cy w intensywnych kolorach \u2013 mog\u0105 one zniekszta\u0142ca\u0107 percepcj\u0119 barwy przez odbicia.<br \/><br \/><br \/><\/span><\/span><\/span><\/li><\/ul><\/li><li data-start=\"1199\" data-end=\"1489\"><strong><span style=\"font-family: gt-planar-light;\">Dob\u00f3r jasno\u015bci i rodziny kolor\u00f3w<br \/><\/span><\/strong><br \/><ul data-start=\"1244\" data-end=\"1489\"><li data-start=\"1244\" data-end=\"1385\"><span style=\"font-family: gt-planar-light;\">O poziomie jasno\u015bci decyduje pierwsze wra\u017cenie wzrokowe \u2013 najlepiej podj\u0105\u0107 decyzj\u0119 w ci\u0105gu kilku sekund, zanim oko ulegnie adaptacji.<\/span><\/li><li data-start=\"1389\" data-end=\"1489\"><span style=\"font-family: gt-planar-light;\"><span style=\"font-family: gt-planar-light;\"><span style=\"font-family: gt-planar-light;\">Nast\u0119pnie okre\u015blamy rodzin\u0119 kolorystyczn\u0105 (np. A \u2013 tony ciep\u0142e, B \u2013 neutralne, C \u2013 ch\u0142odne).<br \/><br \/><br \/><\/span><\/span><\/span><\/li><\/ul><\/li><li data-start=\"1491\" data-end=\"1729\"><span style=\"font-family: gt-planar-light;\"><span style=\"font-family: gt-planar-light;\"><strong>Ocena chromatyczno\u015bci i zr\u00f3\u017cnicowania odcienia<br \/><\/strong><\/span><\/span><br \/><ul data-start=\"1550\" data-end=\"1729\"><li data-start=\"1550\" data-end=\"1729\"><span style=\"font-family: gt-planar-light;\"><span style=\"font-family: gt-planar-light;\"><span style=\"font-family: gt-planar-light;\">Dla precyzyjnej oceny zaleca si\u0119 por\u00f3wnanie 3 s\u0105siednich odcieni (np. A2, A3, A3.5), co umo\u017cliwia okre\u015blenie stopnia nasycenia i przej\u015b\u0107 tonalnych w r\u00f3\u017cnych strefach z\u0119ba.<br \/><br \/><br \/><\/span><\/span><\/span><\/li><\/ul><\/li><li data-start=\"1731\" data-end=\"2045\"><strong><span style=\"font-family: gt-planar-light;\">Analiza szczeg\u00f3\u0142owa trzech stref korony<br \/><\/span><\/strong><br \/><ul data-start=\"1783\" data-end=\"2045\"><li data-start=\"1783\" data-end=\"1843\"><span style=\"font-family: gt-planar-light;\">Strefa szyjkowa \u2013 nasycenie<\/span><\/li><li data-start=\"1847\" data-end=\"1946\"><span style=\"font-family: gt-planar-light;\">Strefa \u015brodkowa (dentyna) \u2013 kolor bazowy<\/span><\/li><li data-start=\"1950\" data-end=\"2045\"><span style=\"font-family: gt-planar-light;\"><span style=\"font-family: gt-planar-light;\"><span style=\"font-family: gt-planar-light;\">Strefa szkliwna (brzeg sieczny) \u2013 ocena transparencji, prze\u017aroczysto\u015bci translacji.<br \/><br \/><\/span><\/span><\/span><\/li><\/ul><\/li><li data-start=\"2047\" data-end=\"2441\"><strong><span style=\"font-family: gt-planar-light;\">Opis i dokumentacja koloru<br \/><\/span><\/strong><br data-start=\"2080\" data-end=\"2083\" \/><span style=\"font-family: gt-planar-light;\"><span style=\"font-family: gt-planar-light;\"><strong>W dokumentacji pracy zaleca si\u0119 uwzgl\u0119dni\u0107:<\/strong><\/span><\/span><br \/><ul data-start=\"2135\" data-end=\"2441\"><li data-start=\"2135\" data-end=\"2175\"><span style=\"font-family: gt-planar-light;\">Poziom jasno\u015bci i barwy podstawowej,<\/span><\/li><li data-start=\"2179\" data-end=\"2218\"><span style=\"font-family: gt-planar-light;\">Stopie\u0144 przezierno\u015bci i opalizacji,<\/span><\/li><li data-start=\"2222\" data-end=\"2296\"><span style=\"font-family: gt-planar-light;\">Efekty indywidualne (charakteryzacje, mikrop\u0119kni\u0119cia, plamki, cienie),<\/span><\/li><li data-start=\"2300\" data-end=\"2441\"><span style=\"font-family: gt-planar-light;\"><span style=\"font-family: gt-planar-light;\"><span style=\"font-family: gt-planar-light;\">Faktur\u0119 powierzchni: g\u0142adka, b\u0142yszcz\u0105ca, satynowa, p\u00f3\u0142matowa lub matowa, z uwzgl\u0119dnieniem s\u0142oj\u00f3w zrostowych i mikrostruktury szkliwa.<br \/><br \/><br \/><br \/><\/span><\/span><\/span><\/li><\/ul><\/li><\/ol><p style=\"text-align: left;\"><strong><span style=\"font-family: gt-planar-light;\">Wskaz\u00f3wka:<br \/><\/span><\/strong><br data-start=\"2465\" data-end=\"2468\" \/><span style=\"font-family: gt-planar-light;\">Dob\u00f3r koloru powinien by\u0107 wykonany w neutralnych warunkach \u015bwietlnych, przy zminimalizowaniu wp\u0142ywu element\u00f3w otoczenia. <br \/>Najtrafniejsze wyniki uzyskuje si\u0119 przy u\u017cyciu wzornik\u00f3w koloru w \u015bwietle dziennym (5500 K) oraz z wykorzystaniem fotografii referencyjnych z filtrem polaryzacyjnym<\/span><\/p>\t\t\t\t\t\t\t\t<\/div>\n\t\t\t\t<\/div>\n\t\t\t\t<div class=\"elementor-element elementor-element-8eb199e elementor-widget elementor-widget-spacer\" data-id=\"8eb199e\" data-element_type=\"widget\" data-e-type=\"widget\" data-widget_type=\"spacer.default\">\n\t\t\t\t<div class=\"elementor-widget-container\">\n\t\t\t\t\t\t\t<div class=\"elementor-spacer\">\n\t\t\t<div class=\"elementor-spacer-inner\"><\/div>\n\t\t<\/div>\n\t\t\t\t\t\t<\/div>\n\t\t\t\t<\/div>\n\t\t\t\t\t<\/div>\n\t\t\t\t<\/div>\n\t\t\t\t<\/div>\n\t\t","protected":false},"excerpt":{"rendered":"<p>DOB\u00d3R KOLORU Precyzyjny dob\u00f3r koloru to kluczowy etap w procesie wykonywania estetycznych prac protetycznych.Dok\u0142adna analiza odcienia, nasycenia i przezierno\u015bci pozwala uzyska\u0107 naturalny efekt, idealnie dopasowany do s\u0105siaduj\u0105cych z\u0119b\u00f3w i indywidualnych cech pacjenta. \u00a0 \u00a0 Etapy i zasady prawid\u0142owego doboru koloru Dob\u00f3r koloru przed opracowaniem z\u0119b\u00f3w Kolor zawsze dobieramy przed szlifowaniem, poniewa\u017c przesuszone z\u0119by staj\u0105 si\u0119 &hellip;<\/p>\n","protected":false},"author":1,"featured_media":0,"parent":0,"menu_order":0,"comment_status":"closed","ping_status":"closed","template":"","meta":{"_acf_changed":false,"ngg_post_thumbnail":0,"footnotes":""},"class_list":["post-6664","page","type-page","status-publish","hentry"],"acf":[],"_links":{"self":[{"href":"https:\/\/www.implalab.pl\/index.php?rest_route=\/wp\/v2\/pages\/6664","targetHints":{"allow":["GET"]}}],"collection":[{"href":"https:\/\/www.implalab.pl\/index.php?rest_route=\/wp\/v2\/pages"}],"about":[{"href":"https:\/\/www.implalab.pl\/index.php?rest_route=\/wp\/v2\/types\/page"}],"author":[{"embeddable":true,"href":"https:\/\/www.implalab.pl\/index.php?rest_route=\/wp\/v2\/users\/1"}],"replies":[{"embeddable":true,"href":"https:\/\/www.implalab.pl\/index.php?rest_route=%2Fwp%2Fv2%2Fcomments&post=6664"}],"version-history":[{"count":35,"href":"https:\/\/www.implalab.pl\/index.php?rest_route=\/wp\/v2\/pages\/6664\/revisions"}],"predecessor-version":[{"id":8435,"href":"https:\/\/www.implalab.pl\/index.php?rest_route=\/wp\/v2\/pages\/6664\/revisions\/8435"}],"wp:attachment":[{"href":"https:\/\/www.implalab.pl\/index.php?rest_route=%2Fwp%2Fv2%2Fmedia&parent=6664"}],"curies":[{"name":"wp","href":"https:\/\/api.w.org\/{rel}","templated":true}]}}